{"id":3,"date":"2024-09-30T07:56:35","date_gmt":"2024-09-30T07:56:35","guid":{"rendered":"https:\/\/taniafreitas.com\/lp\/?page_id=3"},"modified":"2025-07-15T10:34:31","modified_gmt":"2025-07-15T10:34:31","slug":"politicaprivacidade","status":"publish","type":"page","link":"https:\/\/taniafreitas.com\/lp\/politicaprivacidade\/","title":{"rendered":"Pol\u00edtica de privacidade"},"content":{"rendered":"\n<h2 class=\"wp-block-heading\"><\/h2>\n\n\n\n<p>A respons\u00e1vel pela recolha e pelo tratamento dos seus dados pessoais \u00e9 T\u00e2nia Freitas, que lhe presta todo o apoio relativamente \u00e0 compra de infoprodutos e que decide quais os dados recolhidos, meios e finalidades para os quais os dados s\u00e3o usados.<br>Apenas retemos as informa\u00e7\u00f5es pelo tempo necess\u00e1rio para fornecer o servi\u00e7o ou informa\u00e7\u00e3o solicitada. Quando armazenamos dados, protegemos dentro dos meios comercialmente aceit\u00e1veis para evitar perdas e roubos, bem como acesso, divulga\u00e7\u00e3o, c\u00f3pia, uso ou modifica\u00e7\u00e3o n\u00e3o autorizadas.<br>A prote\u00e7\u00e3o da privacidade dos dados pessoais \u00e9 um compromisso fundamental nosso, para com o titular dos dados pessoais que utiliza as nossas plataformas digitais e servi\u00e7os. A presente pol\u00edtica de privacidade serve para explicar quais os dados pessoais que recolhemos, para que finalidades os usamos, com os tratamos, com quem os partilhamos, durante quanto tempo os conservamos, bem como as formas de entrar em contacto a fim de exercer os seus direitos.<br>A T\u00e2nia Freitas \u00e9 respons\u00e1vel pela monitoriza\u00e7\u00e3o da conformidade do tratamento com as mesmas aplic\u00e1veis, pela presta\u00e7\u00e3o de esclarecimento com a Comiss\u00e3o Nacional de Prote\u00e7\u00e3o de Dados.<br>O uso cont\u00ednuo do nosso site ser\u00e1 considerado como aceita\u00e7\u00e3o das nossas pr\u00e1ticas em torno de privacidade e informa\u00e7\u00f5es pessoais. Se tiver alguma d\u00favida sobre como lidamos como dados do usu\u00e1rio e informa\u00e7\u00f5es pessoais, entre em contacto connosco, atrav\u00e9s do e-mail tania@taniafreitas.com<br>N\u00e3o compartilhamos informa\u00e7\u00f5es de identifica\u00e7\u00e3o pessoal publicamente ou com terceiros, exceto quando nos for exigido por lei.<br>Os dados pessoais tratados incluem: nome, morada postal, endere\u00e7os de correio eletr\u00f3nico, n\u00fameros de contacto, documentos de identifica\u00e7\u00e3o civil e fiscal, dados de fatura\u00e7\u00e3o, dados banc\u00e1rios, dados sobre visitas do cliente ao website ou das comunica\u00e7\u00f5es eletr\u00f3nicas efetuadas.<br>A Pol\u00edtica de Privacidade da T\u00e2nia Freitas, aborda determinados direitos que o cliente pode exercer, entre eles, o Direito a retirar o consentimento, isto \u00e9, a qualquer momento, o cliente pode opor-se ou solicitar que seja retirado o seu consentimento a um tratamento de dados.<br>O cliente pode cancelar a inscri\u00e7\u00e3o a qualquer momento e solicitar que os seus dados sejam exclu\u00eddos atrav\u00e9s do e-mail:&nbsp;tania@taniafreitas.com<br>Os dados pessoais poder\u00e3o ser tratados para efeitos de cumprimento de obriga\u00e7\u00f5es legais e para fins de investiga\u00e7\u00e3o e dete\u00e7\u00e3o de crimes graves. Poder\u00e3o ser utilizados para outras finalidades, tais como, envio de reclama\u00e7\u00f5es e sugest\u00f5es, conhecer&nbsp;tania@taniafreitas.com<br>Os dados ser\u00e3o armazenados e conservados apenas pelo per\u00edodo m\u00ednimo necess\u00e1rio para a prossecu\u00e7\u00e3o das finalidades que motivaram a sua recolha ou o seu posterior tratamento, nos termos definidos na lei.<br>A T\u00e2nia Freitas respeita a privacidade de todos os utilizadores do seu website, e compromete-se a proteger as informa\u00e7\u00f5es pessoais que cada utilizador decidir partilhar, nos termos da legisla\u00e7\u00e3o nacional e comunit\u00e1ria em vigor.<br>No cumprimento da Lei n.\u00ba 58\/2019 de 08 de agosto e de RGPD (Regulamento UE 2016\/679), sobre a Prote\u00e7\u00e3o de Dados Pessoais, informamos que o tratamento dos dados pessoais recolhidos no www.taniafreitas.com\/lp \u00e9 da responsabilidade T\u00e2nia Freitas, com o NIF<\/p>\n\n\n\n<h2 class=\"wp-block-heading\">Lei e Foro<\/h2>\n\n\n\n<p>As presentes condi\u00e7\u00f5es gerais regem-se pela lei portuguesa.<br>Todos os lit\u00edgios emergentes da interpreta\u00e7\u00e3o ou execu\u00e7\u00e3o do presente acordo ser\u00e3o dirimidos pelo Tribunal Judicial da Comarca de Leiria, com expressa ren\u00fancia a qualquer outro.<br>Resolu\u00e7\u00e3o em Alternativa de lit\u00edgios<br>Em caso de lit\u00edgio, o consumidor pode recorrer a uma das entidades de Resolu\u00e7\u00e3o Alternativa de Lit\u00edgios de Consumo.<br>Para mais informa\u00e7\u00f5es, dever\u00e1 consultar o Portal do Consumidor (www.consumidor.pt)<br>No cumprimento da legisla\u00e7\u00e3o em vigor, a T\u00e2nia Freitas indica que, em caso de lit\u00edgio, o cliente pode recorrer a uma entidade de Resolu\u00e7\u00e3o Alternativa de Lit\u00edgios de Consumo:<br>CNIACC \u2013 Centro Nacional de Informa\u00e7\u00e3o e Arbitragem de Conflitos de Consumo (cniacc.pt)<br>CIAB \u2013 Centro de Informa\u00e7\u00e3o, media\u00e7\u00e3o e Arbitragem de Consumo (ciab.pt)<br><\/p>\n\n\n\n<h2 class=\"wp-block-heading\">Direitos do Titular de Dados Pessoais<\/h2>\n\n\n\n<p>O titular de dados pessoais pode exercer os seguintes direitos:<br>Direito \u00e0 informa\u00e7\u00e3o: A T\u00e2nia Freitas expl\u00edcita de forma clara a sua pol\u00edtica de privacidade, no momento de qualquer servi\u00e7o;<br>Direito ao acesso e \u00e0 retifica\u00e7\u00e3o: Pode aceder e editar diretamente de forma aut\u00f3noma os seus dados, seguindo o link dispon\u00edvel, ap\u00f3s cada mensagem que recebe do prestador de servi\u00e7os;<br>Direito de limitar, ou opor ao tratamento dos seus dados: Tem em cada mensagem um link com a possibilidade de limitar\/\/opor;<br>Direito ao esquecimento: Dever\u00e1 solicitar a remo\u00e7\u00e3o total dos seus dados, enviando uma mensagem de email para\u00a0tania@taniafreitas.com, com a sua identifica\u00e7\u00e3o e um pedido de remo\u00e7\u00e3o.<\/p>\n\n\n\n<h2 class=\"wp-block-heading\">Cookies<\/h2>\n\n\n\n<p>Os cookies s\u00e3o pequenos arquivos transferidos para o disco r\u00edgido do seu computador atrav\u00e9s do navegador da Web e que permite aos sites ou provedores de servi\u00e7os reconhecer o seu browser, capturem e memorizem determinadas informa\u00e7\u00f5es com a finalidade de melhorar a experi\u00eancia.<br>A utiliza\u00e7\u00e3o dos cookies visa o aumento da efici\u00eancia, permitindo aos propriet\u00e1rios dos sites informa\u00e7\u00e3o \u00fatil para a melhoria e aperfei\u00e7oamento dos servi\u00e7os prestados e do site.<br>Utilizar a tecnologia de cookies para contar as visitar \u00e0s p\u00e1ginas, permite a an\u00e1lise da utiliza\u00e7\u00e3o dos sites de forma mais precisa.<br>Infelizmente, na maioria dos casos, n\u00e3o existem op\u00e7\u00f5es padr\u00e3o do setor para desativar completamente a funcionalidade e os recursos que eles adicionam este site.<br>\u00c9 recomend\u00e1vel que deixe todos os cookies se n\u00e3o tiver certeza se precisa ou n\u00e3o deles, caso sejam usados para fornecer um servi\u00e7o que est\u00e1 ou vai usar.<br>Se desativar os cookies, poder\u00e1 n\u00e3o conseguir aceder a algumas das funcionalidades disponibilizadas pelo site.<br>Este site oferece facilidades de com\u00e9rcio eletr\u00f3nico ou pagamento e alguns cookies s\u00e3o essenciais para garantir que o seu pedido seu lembrado entre p\u00e1ginas, para que possamos process\u00e1-lo adequadamente.<\/p>\n\n\n\n<h2 class=\"wp-block-heading\">Conserva\u00e7\u00e3o dos Dados Pessoais<\/h2>\n\n\n\n<p>A lei determina a conserva\u00e7\u00e3o dos dados por um per\u00edodo m\u00ednimo, designadamente:<br>. por um ano, relativamente a dados de tr\u00e1fego de localiza\u00e7\u00e3o, isto para efeitos de investiga\u00e7\u00e3o, dete\u00e7\u00e3o e repress\u00e3o de crime grave.<br>. por dez anos, relativamente a dados necess\u00e1rios para informa\u00e7\u00f5es fornecidas \u00e0 Autoridade Tribut\u00e1ria.<br>A T\u00e2nia Freitas, conserva os seus dados pessoais, sempre de acordo com a lei, as orienta\u00e7\u00f5es e as decis\u00f5es da CNPD ou consoante o que for aplic\u00e1vel, at\u00e9 que exer\u00e7a o seu direito de oposi\u00e7\u00e3o, direito a ser esquecido, ou que revogue o seu consentimento. Contudo ser\u00e3o sempre observ\u00e1veis todas as obriga\u00e7\u00f5es legais e contratuais que definem esses per\u00edodos.<\/p>\n\n\n\n<h2 class=\"wp-block-heading\">Altera\u00e7\u00f5es na Pol\u00edtica de Privacidade<\/h2>\n\n\n\n<p>A presente Pol\u00edtica de Privacidade poder\u00e1 ser atualizada a qualquer momento, de acordo com as altera\u00e7\u00f5es legais que possam ocorrer, com o objetivo de proteger o cliente, mantendo os seus dados seguros e acess\u00edveis.<\/p>\n\n\n\n<h2 class=\"wp-block-heading\">Reclama\u00e7\u00f5es<\/h2>\n\n\n\n<p>Tendo em vista a melhoria cont\u00ednua dos servi\u00e7os prestados, a T\u00e2nia Freitas procurar\u00e1 atender e resolver as reclama\u00e7\u00f5es apresentadas pelo cliente no prazo de 5 (cinco) dias \u00fateis atrav\u00e9s do email:\u00a0tania@taniafreitas.com<\/p>\n\n\n\n<h2 class=\"wp-block-heading\">Livro de Reclama\u00e7\u00f5es Eletr\u00f3nico<\/h2>\n\n\n\n<p>Pode registar a sua reclama\u00e7\u00e3o no Livro de Reclama\u00e7\u00f5es Eletr\u00f3nico. Para tal, basta aceder \u00e0 plataforma do Livro de Reclama\u00e7\u00f5es no endere\u00e7o\u00a0www.livrodereclamacoes.<\/p>\n\n\n\n<p><\/p>\n\n\n\n<p><\/p>\n","protected":false},"excerpt":{"rendered":"<p>A respons\u00e1vel pela recolha e pelo tratamento dos seus dados pessoais \u00e9 T\u00e2nia Freitas, que lhe presta todo o apoio relativamente \u00e0 compra de infoprodutos e que decide quais os dados recolhidos, meios e finalidades para os quais os dados s\u00e3o usados.Apenas retemos as informa\u00e7\u00f5es pelo tempo necess\u00e1rio para fornecer o servi\u00e7o ou informa\u00e7\u00e3o solicitada. [&hellip;]<\/p>\n","protected":false},"author":1,"featured_media":0,"parent":0,"menu_order":0,"comment_status":"closed","ping_status":"open","template":"","meta":{"footnotes":""},"class_list":["post-3","page","type-page","status-publish","hentry"],"yoast_head":"<!-- This site is optimized with the Yoast SEO plugin v27.5 - https:\/\/yoast.com\/product\/yoast-seo-wordpress\/ -->\n<title>Pol\u00edtica de privacidade - T&acirc;nia Freitas<\/title>\n<meta name=\"robots\" content=\"index, follow, max-snippet:-1, max-image-preview:large, max-video-preview:-1\" \/>\n<link rel=\"canonical\" href=\"https:\/\/taniafreitas.com\/lp\/politicaprivacidade\/\" \/>\n<meta property=\"og:locale\" content=\"pt_PT\" \/>\n<meta property=\"og:type\" content=\"article\" \/>\n<meta property=\"og:title\" content=\"Pol\u00edtica de privacidade - T&acirc;nia Freitas\" \/>\n<meta property=\"og:description\" content=\"A respons\u00e1vel pela recolha e pelo tratamento dos seus dados pessoais \u00e9 T\u00e2nia Freitas, que lhe presta todo o apoio relativamente \u00e0 compra de infoprodutos e que decide quais os dados recolhidos, meios e finalidades para os quais os dados s\u00e3o usados.Apenas retemos as informa\u00e7\u00f5es pelo tempo necess\u00e1rio para fornecer o servi\u00e7o ou informa\u00e7\u00e3o solicitada. [&hellip;]\" \/>\n<meta property=\"og:url\" content=\"https:\/\/taniafreitas.com\/lp\/politicaprivacidade\/\" \/>\n<meta property=\"og:site_name\" content=\"T&acirc;nia Freitas\" \/>\n<meta property=\"article:modified_time\" content=\"2025-07-15T10:34:31+00:00\" \/>\n<meta name=\"twitter:card\" content=\"summary_large_image\" \/>\n<meta name=\"twitter:label1\" content=\"Tempo estimado de leitura\" \/>\n\t<meta name=\"twitter:data1\" content=\"7 minutos\" \/>\n<script type=\"application\/ld+json\" class=\"yoast-schema-graph\">{\"@context\":\"https:\\\/\\\/schema.org\",\"@graph\":[{\"@type\":\"WebPage\",\"@id\":\"https:\\\/\\\/taniafreitas.com\\\/lp\\\/politicaprivacidade\\\/\",\"url\":\"https:\\\/\\\/taniafreitas.com\\\/lp\\\/politicaprivacidade\\\/\",\"name\":\"Pol\u00edtica de privacidade - T&acirc;nia Freitas\",\"isPartOf\":{\"@id\":\"https:\\\/\\\/taniafreitas.com\\\/lp\\\/#website\"},\"datePublished\":\"2024-09-30T07:56:35+00:00\",\"dateModified\":\"2025-07-15T10:34:31+00:00\",\"breadcrumb\":{\"@id\":\"https:\\\/\\\/taniafreitas.com\\\/lp\\\/politicaprivacidade\\\/#breadcrumb\"},\"inLanguage\":\"pt-PT\",\"potentialAction\":[{\"@type\":\"ReadAction\",\"target\":[\"https:\\\/\\\/taniafreitas.com\\\/lp\\\/politicaprivacidade\\\/\"]}]},{\"@type\":\"BreadcrumbList\",\"@id\":\"https:\\\/\\\/taniafreitas.com\\\/lp\\\/politicaprivacidade\\\/#breadcrumb\",\"itemListElement\":[{\"@type\":\"ListItem\",\"position\":1,\"name\":\"In\u00edcio\",\"item\":\"https:\\\/\\\/taniafreitas.com\\\/lp\\\/\"},{\"@type\":\"ListItem\",\"position\":2,\"name\":\"Pol\u00edtica de privacidade\"}]},{\"@type\":\"WebSite\",\"@id\":\"https:\\\/\\\/taniafreitas.com\\\/lp\\\/#website\",\"url\":\"https:\\\/\\\/taniafreitas.com\\\/lp\\\/\",\"name\":\"taniafreitas.com\",\"description\":\"T\u00e2niaFreitas\",\"publisher\":{\"@id\":\"https:\\\/\\\/taniafreitas.com\\\/lp\\\/#\\\/schema\\\/person\\\/b8038c06aa1ee1ea2ce4490dc736b834\"},\"potentialAction\":[{\"@type\":\"SearchAction\",\"target\":{\"@type\":\"EntryPoint\",\"urlTemplate\":\"https:\\\/\\\/taniafreitas.com\\\/lp\\\/?s={search_term_string}\"},\"query-input\":{\"@type\":\"PropertyValueSpecification\",\"valueRequired\":true,\"valueName\":\"search_term_string\"}}],\"inLanguage\":\"pt-PT\"},{\"@type\":[\"Person\",\"Organization\"],\"@id\":\"https:\\\/\\\/taniafreitas.com\\\/lp\\\/#\\\/schema\\\/person\\\/b8038c06aa1ee1ea2ce4490dc736b834\",\"name\":\"taniafreitas\",\"image\":{\"@type\":\"ImageObject\",\"inLanguage\":\"pt-PT\",\"@id\":\"https:\\\/\\\/secure.gravatar.com\\\/avatar\\\/437b3b12a8e0536e1001313623c73e847d24c865eadfd9555a8d6e6d71e799c1?s=96&d=mm&r=g\",\"url\":\"https:\\\/\\\/secure.gravatar.com\\\/avatar\\\/437b3b12a8e0536e1001313623c73e847d24c865eadfd9555a8d6e6d71e799c1?s=96&d=mm&r=g\",\"contentUrl\":\"https:\\\/\\\/secure.gravatar.com\\\/avatar\\\/437b3b12a8e0536e1001313623c73e847d24c865eadfd9555a8d6e6d71e799c1?s=96&d=mm&r=g\",\"caption\":\"taniafreitas\"},\"logo\":{\"@id\":\"https:\\\/\\\/secure.gravatar.com\\\/avatar\\\/437b3b12a8e0536e1001313623c73e847d24c865eadfd9555a8d6e6d71e799c1?s=96&d=mm&r=g\"},\"sameAs\":[\"https:\\\/\\\/taniafreitas.com\\\/lp\"]}]}<\/script>\n<!-- \/ Yoast SEO plugin. -->","yoast_head_json":{"title":"Pol\u00edtica de privacidade - T&acirc;nia Freitas","robots":{"index":"index","follow":"follow","max-snippet":"max-snippet:-1","max-image-preview":"max-image-preview:large","max-video-preview":"max-video-preview:-1"},"canonical":"https:\/\/taniafreitas.com\/lp\/politicaprivacidade\/","og_locale":"pt_PT","og_type":"article","og_title":"Pol\u00edtica de privacidade - T&acirc;nia Freitas","og_description":"A respons\u00e1vel pela recolha e pelo tratamento dos seus dados pessoais \u00e9 T\u00e2nia Freitas, que lhe presta todo o apoio relativamente \u00e0 compra de infoprodutos e que decide quais os dados recolhidos, meios e finalidades para os quais os dados s\u00e3o usados.Apenas retemos as informa\u00e7\u00f5es pelo tempo necess\u00e1rio para fornecer o servi\u00e7o ou informa\u00e7\u00e3o solicitada. [&hellip;]","og_url":"https:\/\/taniafreitas.com\/lp\/politicaprivacidade\/","og_site_name":"T&acirc;nia Freitas","article_modified_time":"2025-07-15T10:34:31+00:00","twitter_card":"summary_large_image","twitter_misc":{"Tempo estimado de leitura":"7 minutos"},"schema":{"@context":"https:\/\/schema.org","@graph":[{"@type":"WebPage","@id":"https:\/\/taniafreitas.com\/lp\/politicaprivacidade\/","url":"https:\/\/taniafreitas.com\/lp\/politicaprivacidade\/","name":"Pol\u00edtica de privacidade - T&acirc;nia Freitas","isPartOf":{"@id":"https:\/\/taniafreitas.com\/lp\/#website"},"datePublished":"2024-09-30T07:56:35+00:00","dateModified":"2025-07-15T10:34:31+00:00","breadcrumb":{"@id":"https:\/\/taniafreitas.com\/lp\/politicaprivacidade\/#breadcrumb"},"inLanguage":"pt-PT","potentialAction":[{"@type":"ReadAction","target":["https:\/\/taniafreitas.com\/lp\/politicaprivacidade\/"]}]},{"@type":"BreadcrumbList","@id":"https:\/\/taniafreitas.com\/lp\/politicaprivacidade\/#breadcrumb","itemListElement":[{"@type":"ListItem","position":1,"name":"In\u00edcio","item":"https:\/\/taniafreitas.com\/lp\/"},{"@type":"ListItem","position":2,"name":"Pol\u00edtica de privacidade"}]},{"@type":"WebSite","@id":"https:\/\/taniafreitas.com\/lp\/#website","url":"https:\/\/taniafreitas.com\/lp\/","name":"taniafreitas.com","description":"T\u00e2niaFreitas","publisher":{"@id":"https:\/\/taniafreitas.com\/lp\/#\/schema\/person\/b8038c06aa1ee1ea2ce4490dc736b834"},"potentialAction":[{"@type":"SearchAction","target":{"@type":"EntryPoint","urlTemplate":"https:\/\/taniafreitas.com\/lp\/?s={search_term_string}"},"query-input":{"@type":"PropertyValueSpecification","valueRequired":true,"valueName":"search_term_string"}}],"inLanguage":"pt-PT"},{"@type":["Person","Organization"],"@id":"https:\/\/taniafreitas.com\/lp\/#\/schema\/person\/b8038c06aa1ee1ea2ce4490dc736b834","name":"taniafreitas","image":{"@type":"ImageObject","inLanguage":"pt-PT","@id":"https:\/\/secure.gravatar.com\/avatar\/437b3b12a8e0536e1001313623c73e847d24c865eadfd9555a8d6e6d71e799c1?s=96&d=mm&r=g","url":"https:\/\/secure.gravatar.com\/avatar\/437b3b12a8e0536e1001313623c73e847d24c865eadfd9555a8d6e6d71e799c1?s=96&d=mm&r=g","contentUrl":"https:\/\/secure.gravatar.com\/avatar\/437b3b12a8e0536e1001313623c73e847d24c865eadfd9555a8d6e6d71e799c1?s=96&d=mm&r=g","caption":"taniafreitas"},"logo":{"@id":"https:\/\/secure.gravatar.com\/avatar\/437b3b12a8e0536e1001313623c73e847d24c865eadfd9555a8d6e6d71e799c1?s=96&d=mm&r=g"},"sameAs":["https:\/\/taniafreitas.com\/lp"]}]}},"_links":{"self":[{"href":"https:\/\/taniafreitas.com\/lp\/wp-json\/wp\/v2\/pages\/3","targetHints":{"allow":["GET"]}}],"collection":[{"href":"https:\/\/taniafreitas.com\/lp\/wp-json\/wp\/v2\/pages"}],"about":[{"href":"https:\/\/taniafreitas.com\/lp\/wp-json\/wp\/v2\/types\/page"}],"author":[{"embeddable":true,"href":"https:\/\/taniafreitas.com\/lp\/wp-json\/wp\/v2\/users\/1"}],"replies":[{"embeddable":true,"href":"https:\/\/taniafreitas.com\/lp\/wp-json\/wp\/v2\/comments?post=3"}],"version-history":[{"count":1,"href":"https:\/\/taniafreitas.com\/lp\/wp-json\/wp\/v2\/pages\/3\/revisions"}],"predecessor-version":[{"id":307,"href":"https:\/\/taniafreitas.com\/lp\/wp-json\/wp\/v2\/pages\/3\/revisions\/307"}],"wp:attachment":[{"href":"https:\/\/taniafreitas.com\/lp\/wp-json\/wp\/v2\/media?parent=3"}],"curies":[{"name":"wp","href":"https:\/\/api.w.org\/{rel}","templated":true}]}}